{"id":36342,"date":"2026-01-23T08:15:34","date_gmt":"2026-01-23T08:15:34","guid":{"rendered":"https:\/\/www.medienlb.com\/?post_type=product&#038;p=36342"},"modified":"2026-02-09T10:19:57","modified_gmt":"2026-02-09T10:19:57","slug":"55508631_problem_baer","status":"publish","type":"product","link":"https:\/\/www.medienlb.com\/en\/produkt\/55508631_problem_baer\/","title":{"rendered":"Ich hab ein kleines Problem, sagte der B\u00e4r"},"content":{"rendered":"<p>Der B\u00e4r hat ein Problem, doch niemand h\u00f6rt ihm zu \u2013 bis die kleine Maus aufmerksam ihre Ohren spitzt und sich als Freund erweist. Der Vorlesefilm nach der gleichnamigen Vorlage vermittelt den Kindern die Bedeutung von Zuh\u00f6ren, Empathie, dem \u00c4u\u00dfern von Gef\u00fchlen und W\u00fcnschen sowie Freundschaft.<br \/>\nDas umfangreiche Begleitmaterial bietet spielerische Aufgaben zur F\u00f6rderung von Konzentration, Logik und Kreativit\u00e4t.<\/p>\n","protected":false},"excerpt":{"rendered":"<p>Der B\u00e4r hat ein Problem, doch niemand h\u00f6rt ihm zu \u2013 bis die kleine Maus aufmerksam ihre Ohren spitzt und sich als Freund erweist.<\/p>\n","protected":false},"featured_media":36346,"template":"","meta":{"_acf_changed":false},"product_brand":[],"product_cat":[70],"product_tag":[81,135],"class_list":{"0":"post-36342","1":"product","2":"type-product","3":"status-publish","4":"has-post-thumbnail","6":"product_cat-film","7":"product_tag-subject-elementarbereich","8":"product_tag-target-ele","10":"first","11":"instock","12":"taxable","13":"shipping-taxable","14":"purchasable","15":"product-type-variable"},"acf":{"subtitle":"Ein Vorlesefilm","article_id":"46505903 \/ 55508631","languages":"DE","thumb_up":false,"cover_image":36383,"linked_product":34802,"linked_products":null,"banner":{"show":true,"text":"","color":""},"length":"10:13","content_movie":"Gesamtes Begleitmaterial: 49 Seiten\r\n\r\nArbeitsbl\u00e4tter mit L\u00f6sungen: 15 Seiten\r\n\r\nInteraktive Aufgaben: 10","learning_goals":"Lernziele: Die Kinder\r\n<ol>\r\n \t<li>k\u00f6nnen eigene W\u00fcnsche erkennen und \u00e4u\u00dfern<\/li>\r\n \t<li>unterscheiden zwischen Grundbed\u00fcrfnissen und W\u00fcnschen<\/li>\r\n<\/ol>\r\n&nbsp;\r\n\r\nKompetenzen: Die Kinder\r\n<ol>\r\n \t<li>teilen eigene Gedanken, Gef\u00fchle, Eindr\u00fccke, Erfahrungen und Interessen angemessen mit<\/li>\r\n \t<li>nutzen verschiedene Arten und Methoden der Kommunikation<\/li>\r\n<\/ol>","preview_gif":36379,"trailer":{"file":36393,"url":"","image":36349},"mediathek_id":923,"amount":"","demo_url":"","h5p_demo_id":"","content_interactive":"","hide_numbers":false,"flyer":"","info_columns":null},"_links":{"self":[{"href":"https:\/\/www.medienlb.com\/en\/wp-json\/wp\/v2\/product\/36342","targetHints":{"allow":["GET"]}}],"collection":[{"href":"https:\/\/www.medienlb.com\/en\/wp-json\/wp\/v2\/product"}],"about":[{"href":"https:\/\/www.medienlb.com\/en\/wp-json\/wp\/v2\/types\/product"}],"acf:post":[{"embeddable":true,"href":"https:\/\/www.medienlb.com\/en\/wp-json\/wp\/v2\/product\/34802"}],"wp:featuredmedia":[{"embeddable":true,"href":"https:\/\/www.medienlb.com\/en\/wp-json\/wp\/v2\/media\/36346"}],"wp:attachment":[{"href":"https:\/\/www.medienlb.com\/en\/wp-json\/wp\/v2\/media?parent=36342"}],"wp:term":[{"taxonomy":"product_brand","embeddable":true,"href":"https:\/\/www.medienlb.com\/en\/wp-json\/wp\/v2\/product_brand?post=36342"},{"taxonomy":"product_cat","embeddable":true,"href":"https:\/\/www.medienlb.com\/en\/wp-json\/wp\/v2\/product_cat?post=36342"},{"taxonomy":"product_tag","embeddable":true,"href":"https:\/\/www.medienlb.com\/en\/wp-json\/wp\/v2\/product_tag?post=36342"}],"curies":[{"name":"wp","href":"https:\/\/api.w.org\/{rel}","templated":true}]}}