{"id":34135,"date":"2025-09-05T08:47:21","date_gmt":"2025-09-05T08:47:21","guid":{"rendered":"https:\/\/www.medienlb.com\/?post_type=product&#038;p=34135"},"modified":"2025-11-27T09:08:00","modified_gmt":"2025-11-27T09:08:00","slug":"55507264-ludwig-van-beethoven","status":"publish","type":"product","link":"https:\/\/www.medienlb.com\/en\/produkt\/55507264-ludwig-van-beethoven\/","title":{"rendered":"Ludwig van Beethoven"},"content":{"rendered":"<p>Ludwig van Beethoven \u2013 ein musikalisches Genie zwischen Wiener Klassik und Romantik \u2013 pr\u00e4gte mit seiner emotionalen Tiefe und k\u00fcnstlerischen Unabh\u00e4ngigkeit eine ganze Epoche. Der Film erz\u00e4hlt Beethovens bewegtes Leben: von seiner Kindheit in Bonn \u00fcber seine Erfolge in Wien bis hin zu seinem Schaffen trotz v\u00f6lliger Ertaubung. Mit eindrucksvollen Bildern und Klangbeispielen wird deutlich, wie Beethovens Musik bis heute Generationen inspiriert.<\/p>\n<p>&nbsp;<\/p>\n","protected":false},"excerpt":{"rendered":"<p>Ludwig van Beethoven \u2013 ein musikalisches Genie zwischen Wiener Klassik und Romantik \u2013 pr\u00e4gte mit seiner emotionalen Tiefe und k\u00fcnstlerischen Unabh\u00e4ngigkeit eine ganze Epoche.<\/p>\n","protected":false},"featured_media":34139,"template":"","meta":{"_acf_changed":false},"product_brand":[],"product_cat":[70],"product_tag":[79,125],"class_list":{"0":"post-34135","1":"product","2":"type-product","3":"status-publish","4":"has-post-thumbnail","6":"product_cat-film","7":"product_tag-subject-musik","8":"product_tag-target-sek-i","10":"first","11":"instock","12":"taxable","13":"shipping-taxable","14":"purchasable","15":"product-type-variable"},"acf":{"subtitle":"Von der Wiener Klassik zur Romantik","article_id":"46505590 \/ 55507264","languages":"DE","thumb_up":true,"cover_image":34146,"linked_product":6290,"linked_products":null,"banner":{"show":true,"text":"","color":""},"length":"16:51 min","content_movie":"Gesamtes Begleitmaterial: 74 Seiten\r\n\r\nArbeitsbl\u00e4tter mit L\u00f6sungen: 20 Seiten\r\n\r\nTestaufgaben: 20\r\n\r\nInteraktive Aufgaben: 10","learning_goals":"Lernziele\r\n\r\nDie Sch\u00fclerinnen und Sch\u00fcler\u2026\r\n<ol>\r\n \t<li>reflektieren Musik der Klassik in ihrem zeitgeschichtlichen Kontext.<\/li>\r\n \t<li>diskutieren Gebrauchsweisen, Funktionen und Wirkungen von Musik.<\/li>\r\n<\/ol>\r\nKompetenzen:\r\n\r\nDie Sch\u00fclerinnen und Sch\u00fcler k\u00f6nnen\u2026\r\n<ol>\r\n \t<li>Bedeutungen von Musik als Teil von Kultur und Kulturgeschichte eigenst\u00e4ndig erkunden.<\/li>\r\n \t<li>den Musikgeschmack anderer respektieren.<\/li>\r\n<\/ol>","preview_gif":34153,"trailer":{"file":34144,"url":"","image":34150},"mediathek_id":894,"amount":"","demo_url":"","h5p_demo_id":"","content_interactive":"","hide_numbers":false,"flyer":"","info_columns":null},"_links":{"self":[{"href":"https:\/\/www.medienlb.com\/en\/wp-json\/wp\/v2\/product\/34135","targetHints":{"allow":["GET"]}}],"collection":[{"href":"https:\/\/www.medienlb.com\/en\/wp-json\/wp\/v2\/product"}],"about":[{"href":"https:\/\/www.medienlb.com\/en\/wp-json\/wp\/v2\/types\/product"}],"acf:post":[{"embeddable":true,"href":"https:\/\/www.medienlb.com\/en\/wp-json\/wp\/v2\/product\/6290"}],"wp:featuredmedia":[{"embeddable":true,"href":"https:\/\/www.medienlb.com\/en\/wp-json\/wp\/v2\/media\/34139"}],"wp:attachment":[{"href":"https:\/\/www.medienlb.com\/en\/wp-json\/wp\/v2\/media?parent=34135"}],"wp:term":[{"taxonomy":"product_brand","embeddable":true,"href":"https:\/\/www.medienlb.com\/en\/wp-json\/wp\/v2\/product_brand?post=34135"},{"taxonomy":"product_cat","embeddable":true,"href":"https:\/\/www.medienlb.com\/en\/wp-json\/wp\/v2\/product_cat?post=34135"},{"taxonomy":"product_tag","embeddable":true,"href":"https:\/\/www.medienlb.com\/en\/wp-json\/wp\/v2\/product_tag?post=34135"}],"curies":[{"name":"wp","href":"https:\/\/api.w.org\/{rel}","templated":true}]}}