{"id":16114,"date":"2023-12-20T18:05:17","date_gmt":"2023-12-20T18:05:17","guid":{"rendered":"https:\/\/medienlb.com\/produkt\/vegane-ernaehrung\/"},"modified":"2025-02-07T13:49:09","modified_gmt":"2025-02-07T13:49:09","slug":"vegane-ernaehrung","status":"publish","type":"product","link":"https:\/\/www.medienlb.com\/en\/produkt\/vegane-ernaehrung\/","title":{"rendered":"Vegane Ern\u00e4hrung"},"content":{"rendered":"<p>Familie B\u00f6hning lebt seit zwei Jahren vegan. Auch unsere Reporterin versucht, \u201eVegan\u201c in ihr Leben einzubinden. Der Film begleitet sie und Familie B\u00f6hning im Alltag, stellt Fragen und zeigt Probleme.<br \/>\nDie vegane Lebensform wird unterschiedlich interpretiert und gelebt: Entweder werden alle Nahrungsmittel tierischen Ursprungs oder aber die Nutzung von Tieren und tierischen Produkten insgesamt gemieden.<br \/>\nAber wie passen die Themen Vegan und Kindererziehung zusammen? Viele \u00c4rzte halten eine bewusste und ausgewogene vegane Ern\u00e4hrung auch bei Kindern f\u00fcr unproblematisch. Offizielle Stellen hingegen sehen Risiken einer Mangelern\u00e4hrung in verschiedenen Lebensphasen, wie Schwangerschaft, Stillzeit, Wachstum und Alter.<\/p>\n<p>Markus B\u00f6hning, Veganer:<br \/>\n\u201eIch habe fr\u00fcher immer gesagt, Vegan k\u00f6nnte ich mir niemals vorstellen. Aber dann haben wir gesagt, 30 Tage halten wir das durch und da war ziemlich schnell klar, das ist ja so vielseitig und so lecker. Man besch\u00e4ftigt sich neu mit dem Essen und vorher verliert man ja das Verh\u00e4ltnis zum Essen.\u201c<\/p>\n<p>Gemeinsam mit dem Begleitmaterial ist der Film sehr gut f\u00fcr den Einsatz im Unterricht geeignet.<\/p>\n","protected":false},"excerpt":{"rendered":"<p>Familie B\u00f6hning lebt seit zwei Jahren vegan. Auch unsere Reporterin versucht, \u201eVegan\u201c in ihr Leben einzubinden. Der Film begleitet sie und Familie B\u00f6hning im Alltag, stellt Fragen und zeigt Probleme.<\/p>\n","protected":false},"featured_media":16112,"template":"","meta":{"_acf_changed":false},"product_brand":[],"product_cat":[70],"product_tag":[87,77,125,127],"class_list":{"0":"post-16114","1":"product","2":"type-product","3":"status-publish","4":"has-post-thumbnail","6":"product_cat-film","7":"product_tag-subject-biologie","8":"product_tag-subject-gesellschaft","9":"product_tag-target-sek-i","10":"product_tag-target-sek-ii","11":"product_shipping_class-dvd-versand","13":"first","14":"instock","15":"taxable","16":"shipping-taxable","17":"purchasable","18":"product-type-variable"},"acf":{"subtitle":"Auch f\u00fcr Kinder?","article_id":"4675575 \/ 5563719","languages":"DE","thumb_up":false,"cover_image":27841,"linked_product":"","linked_products":null,"banner":{"show":true,"text":"","color":""},"length":"10:29 min","content_movie":"Im ausf\u00fchrlichen Datenteil der DVD 80 Seiten Unterrichts- und Begleitmaterial, davon:\r\n18 Seiten Arbeitsbl\u00e4tter mit L\u00f6sungen!\r\n18 Testaufgaben\r\n4 Seiten erg\u00e4nzendes Unterrichtsmaterial mit L\u00f6sungen!\r\n5 Arbeitsbl\u00e4tter f\u00fcr interaktive Whiteboards!\r\n5 Master Tool Folien","learning_goals":"","preview_gif":16111,"trailer":{"file":"","url":"https:\/\/www.lehrmediathek.de\/trailer\/Vegan_trailer.mp4","image":16120},"mediathek_id":418,"amount":"","demo_url":"","h5p_demo_id":"","content_interactive":"","hide_numbers":false,"flyer":"","info_columns":null},"_links":{"self":[{"href":"https:\/\/www.medienlb.com\/en\/wp-json\/wp\/v2\/product\/16114","targetHints":{"allow":["GET"]}}],"collection":[{"href":"https:\/\/www.medienlb.com\/en\/wp-json\/wp\/v2\/product"}],"about":[{"href":"https:\/\/www.medienlb.com\/en\/wp-json\/wp\/v2\/types\/product"}],"wp:featuredmedia":[{"embeddable":true,"href":"https:\/\/www.medienlb.com\/en\/wp-json\/wp\/v2\/media\/16112"}],"wp:attachment":[{"href":"https:\/\/www.medienlb.com\/en\/wp-json\/wp\/v2\/media?parent=16114"}],"wp:term":[{"taxonomy":"product_brand","embeddable":true,"href":"https:\/\/www.medienlb.com\/en\/wp-json\/wp\/v2\/product_brand?post=16114"},{"taxonomy":"product_cat","embeddable":true,"href":"https:\/\/www.medienlb.com\/en\/wp-json\/wp\/v2\/product_cat?post=16114"},{"taxonomy":"product_tag","embeddable":true,"href":"https:\/\/www.medienlb.com\/en\/wp-json\/wp\/v2\/product_tag?post=16114"}],"curies":[{"name":"wp","href":"https:\/\/api.w.org\/{rel}","templated":true}]}}